{"version":"1.0","provider_name":"Bat\u0131 Trakya Haber","provider_url":"https:\/\/batitrakya.net","author_name":"tamer","author_url":"https:\/\/batitrakya.net\/index.php\/author\/tamer\/","title":"Ba\u015fkonsoloslar S\u00fcnne Mahallesi'nde soyda\u015flarla bulu\u015ftu...","type":"rich","width":600,"height":338,"html":"<blockquote class=\"wp-embedded-content\" data-secret=\"7O9nweBBzZ\"><a href=\"https:\/\/batitrakya.net\/index.php\/baskonsoloslar-sunne-mahallesinde-soydaslarla-bulustu\/\">Ba\u015fkonsoloslar S\u00fcnne Mahallesi&#8217;nde soyda\u015flarla bulu\u015ftu&#8230;<\/a><\/blockquote><iframe sandbox=\"allow-scripts\" security=\"restricted\" src=\"https:\/\/batitrakya.net\/index.php\/baskonsoloslar-sunne-mahallesinde-soydaslarla-bulustu\/embed\/#?secret=7O9nweBBzZ\" width=\"600\" height=\"338\" title=\"&#8220;Ba\u015fkonsoloslar S\u00fcnne Mahallesi&#8217;nde soyda\u015flarla bulu\u015ftu&#8230;&#8221; &#8212; Bat\u0131 Trakya Haber\" data-secret=\"7O9nweBBzZ\" frameborder=\"0\" marginwidth=\"0\" marginheight=\"0\" scrolling=\"no\" class=\"wp-embedded-content\"><\/iframe><script>\n\/*! This file is auto-generated *\/\n!function(d,l){\"use strict\";l.querySelector&&d.addEventListener&&\"undefined\"!=typeof URL&&(d.wp=d.wp||{},d.wp.receiveEmbedMessage||(d.wp.receiveEmbedMessage=function(e){var t=e.data;if((t||t.secret||t.message||t.value)&&!\/[^a-zA-Z0-9]\/.test(t.secret)){for(var s,r,n,a=l.querySelectorAll('iframe[data-secret=\"'+t.secret+'\"]'),o=l.querySelectorAll('blockquote[data-secret=\"'+t.secret+'\"]'),c=new RegExp(\"^https?:$\",\"i\"),i=0;i<o.length;i++)o[i].style.display=\"none\";for(i=0;i<a.length;i++)s=a[i],e.source===s.contentWindow&&(s.removeAttribute(\"style\"),\"height\"===t.message?(1e3<(r=parseInt(t.value,10))?r=1e3:~~r<200&&(r=200),s.height=r):\"link\"===t.message&&(r=new URL(s.getAttribute(\"src\")),n=new URL(t.value),c.test(n.protocol))&&n.host===r.host&&l.activeElement===s&&(d.top.location.href=t.value))}},d.addEventListener(\"message\",d.wp.receiveEmbedMessage,!1),l.addEventListener(\"DOMContentLoaded\",function(){for(var e,t,s=l.querySelectorAll(\"iframe.wp-embedded-content\"),r=0;r<s.length;r++)(t=(e=s[r]).getAttribute(\"data-secret\"))||(t=Math.random().toString(36).substring(2,12),e.src+=\"#?secret=\"+t,e.setAttribute(\"data-secret\",t)),e.contentWindow.postMessage({message:\"ready\",secret:t},\"*\")},!1)))}(window,document);\n\/\/# sourceURL=https:\/\/batitrakya.net\/wp-includes\/js\/wp-embed.min.js\n<\/script>\n","thumbnail_url":"https:\/\/batitrakya.net\/wp-content\/uploads\/2023\/01\/konsoloslar_snne_mahalle.jpg","thumbnail_width":720,"thumbnail_height":348,"description":"T\u00fcrkiye\u2019nin Selanik Ba\u015fkonsolosu Efe Ceylan ve G\u00fcm\u00fclcine Ba\u015fkonsolosu Aykut \u00dcnal, 20 Ocak 2023 Cuma g\u00fcn\u00fc \u0130ske\u00e7e&#8217;nin S\u00fcnne Mahallesi&#8217;ni ziyaret ederek soyda\u015flarla bulu\u015ftu. Ba\u015fkonsoloslar Efe Ceylan ve Aykut \u00dcnal, S\u00fcnne Mahallesi ziyaretinde soyda\u015flarla bir araya geldiler, onlarla birlikte mahalle camiinde cuma namaz\u0131 k\u0131ld\u0131lar. Kendileri ziyaret etme nezakatini g\u00f6steren ba\u015fkonsoloslar\u0131 mahalle sakinleri g\u00fczel \u015fekilde kar\u015f\u0131lad\u0131lar. K\u0131l\u0131nan cuma &hellip;"}