{"version":"1.0","provider_name":"Bat\u0131 Trakya Haber","provider_url":"https:\/\/batitrakya.net","author_name":"tamer","author_url":"https:\/\/batitrakya.net\/index.php\/author\/tamer\/","title":"Bulgaristan T\u00fcrklerinin sembol ismi Osman K\u0131l\u0131\u00e7 aram\u0131zdan ayr\u0131ld\u0131...","type":"rich","width":600,"height":338,"html":"<blockquote class=\"wp-embedded-content\" data-secret=\"h1r28pqksG\"><a href=\"https:\/\/batitrakya.net\/index.php\/bulgaristan-turklerinin-sembol-ismi-osman-kilic-aramizdan-ayrildi\/\">Bulgaristan T\u00fcrklerinin sembol ismi Osman K\u0131l\u0131\u00e7 aram\u0131zdan ayr\u0131ld\u0131&#8230;<\/a><\/blockquote><iframe sandbox=\"allow-scripts\" security=\"restricted\" src=\"https:\/\/batitrakya.net\/index.php\/bulgaristan-turklerinin-sembol-ismi-osman-kilic-aramizdan-ayrildi\/embed\/#?secret=h1r28pqksG\" width=\"600\" height=\"338\" title=\"&#8220;Bulgaristan T\u00fcrklerinin sembol ismi Osman K\u0131l\u0131\u00e7 aram\u0131zdan ayr\u0131ld\u0131&#8230;&#8221; &#8212; Bat\u0131 Trakya Haber\" data-secret=\"h1r28pqksG\" frameborder=\"0\" marginwidth=\"0\" marginheight=\"0\" scrolling=\"no\" class=\"wp-embedded-content\"><\/iframe><script>\n\/*! This file is auto-generated *\/\n!function(d,l){\"use strict\";l.querySelector&&d.addEventListener&&\"undefined\"!=typeof URL&&(d.wp=d.wp||{},d.wp.receiveEmbedMessage||(d.wp.receiveEmbedMessage=function(e){var t=e.data;if((t||t.secret||t.message||t.value)&&!\/[^a-zA-Z0-9]\/.test(t.secret)){for(var s,r,n,a=l.querySelectorAll('iframe[data-secret=\"'+t.secret+'\"]'),o=l.querySelectorAll('blockquote[data-secret=\"'+t.secret+'\"]'),c=new RegExp(\"^https?:$\",\"i\"),i=0;i<o.length;i++)o[i].style.display=\"none\";for(i=0;i<a.length;i++)s=a[i],e.source===s.contentWindow&&(s.removeAttribute(\"style\"),\"height\"===t.message?(1e3<(r=parseInt(t.value,10))?r=1e3:~~r<200&&(r=200),s.height=r):\"link\"===t.message&&(r=new URL(s.getAttribute(\"src\")),n=new URL(t.value),c.test(n.protocol))&&n.host===r.host&&l.activeElement===s&&(d.top.location.href=t.value))}},d.addEventListener(\"message\",d.wp.receiveEmbedMessage,!1),l.addEventListener(\"DOMContentLoaded\",function(){for(var e,t,s=l.querySelectorAll(\"iframe.wp-embedded-content\"),r=0;r<s.length;r++)(t=(e=s[r]).getAttribute(\"data-secret\"))||(t=Math.random().toString(36).substring(2,12),e.src+=\"#?secret=\"+t,e.setAttribute(\"data-secret\",t)),e.contentWindow.postMessage({message:\"ready\",secret:t},\"*\")},!1)))}(window,document);\n\/\/# sourceURL=https:\/\/batitrakya.net\/wp-includes\/js\/wp-embed.min.js\n<\/script>\n","thumbnail_url":"https:\/\/batitrakya.net\/wp-content\/uploads\/2021\/06\/osman_kilic.jpg","thumbnail_width":720,"thumbnail_height":348,"description":"Bulgaristan T\u00fcrklerinin sembol ismi Osman K\u0131l\u0131\u00e7 aram\u0131zdan ayr\u0131ld\u0131.Yurtd\u0131\u015f\u0131 T\u00fcrkler ve Akraba Topluluklar Ba\u015fkan\u0131 (YTB) Abdullah Eren, Bulgaristan T\u00fcrklerinin sembol ismi, diplomat ve yazar Osman K\u0131l\u0131\u00e7\u2019\u0131n vefat\u0131n\u0131n ard\u0131ndan merhumun evine gelerek ailesine taziyede bulundu. Yurtd\u0131\u015f\u0131 T\u00fcrkler ve Akraba Topluluklar Ba\u015fkan\u0131 (YTB) Abdullah Eren, Bulgaristan T\u00fcrklerinin en \u00f6nemli kanaat \u00f6nderlerinden diplomat ve yazar Osman K\u0131l\u0131\u00e7\u2019\u0131n 101 ya\u015f\u0131nda &hellip;"}