{"version":"1.0","provider_name":"Bat\u0131 Trakya Haber","provider_url":"https:\/\/batitrakya.net","author_name":"tamer","author_url":"https:\/\/batitrakya.net\/index.php\/author\/tamer\/","title":"\u0130ngiltere\u2019den Yunanistan'a gelecek olanlara 7 g\u00fcnl\u00fck ev karantinas\u0131...","type":"rich","width":600,"height":338,"html":"<blockquote class=\"wp-embedded-content\" data-secret=\"PEinpwM85b\"><a href=\"https:\/\/batitrakya.net\/index.php\/ingiltereden-yunanistana-gelecek-olanlara-7-gunluk-ev-karantinasi\/\">\u0130ngiltere\u2019den Yunanistan&#8217;a gelecek olanlara 7 g\u00fcnl\u00fck ev karantinas\u0131&#8230;<\/a><\/blockquote><iframe sandbox=\"allow-scripts\" security=\"restricted\" src=\"https:\/\/batitrakya.net\/index.php\/ingiltereden-yunanistana-gelecek-olanlara-7-gunluk-ev-karantinasi\/embed\/#?secret=PEinpwM85b\" width=\"600\" height=\"338\" title=\"&#8220;\u0130ngiltere\u2019den Yunanistan&#8217;a gelecek olanlara 7 g\u00fcnl\u00fck ev karantinas\u0131&#8230;&#8221; &#8212; Bat\u0131 Trakya Haber\" data-secret=\"PEinpwM85b\" frameborder=\"0\" marginwidth=\"0\" marginheight=\"0\" scrolling=\"no\" class=\"wp-embedded-content\"><\/iframe><script>\n\/*! This file is auto-generated *\/\n!function(d,l){\"use strict\";l.querySelector&&d.addEventListener&&\"undefined\"!=typeof URL&&(d.wp=d.wp||{},d.wp.receiveEmbedMessage||(d.wp.receiveEmbedMessage=function(e){var t=e.data;if((t||t.secret||t.message||t.value)&&!\/[^a-zA-Z0-9]\/.test(t.secret)){for(var s,r,n,a=l.querySelectorAll('iframe[data-secret=\"'+t.secret+'\"]'),o=l.querySelectorAll('blockquote[data-secret=\"'+t.secret+'\"]'),c=new RegExp(\"^https?:$\",\"i\"),i=0;i<o.length;i++)o[i].style.display=\"none\";for(i=0;i<a.length;i++)s=a[i],e.source===s.contentWindow&&(s.removeAttribute(\"style\"),\"height\"===t.message?(1e3<(r=parseInt(t.value,10))?r=1e3:~~r<200&&(r=200),s.height=r):\"link\"===t.message&&(r=new URL(s.getAttribute(\"src\")),n=new URL(t.value),c.test(n.protocol))&&n.host===r.host&&l.activeElement===s&&(d.top.location.href=t.value))}},d.addEventListener(\"message\",d.wp.receiveEmbedMessage,!1),l.addEventListener(\"DOMContentLoaded\",function(){for(var e,t,s=l.querySelectorAll(\"iframe.wp-embedded-content\"),r=0;r<s.length;r++)(t=(e=s[r]).getAttribute(\"data-secret\"))||(t=Math.random().toString(36).substring(2,12),e.src+=\"#?secret=\"+t,e.setAttribute(\"data-secret\",t)),e.contentWindow.postMessage({message:\"ready\",secret:t},\"*\")},!1)))}(window,document);\n\/\/# sourceURL=https:\/\/batitrakya.net\/wp-includes\/js\/wp-embed.min.js\n<\/script>\n","thumbnail_url":"https:\/\/batitrakya.net\/wp-content\/uploads\/2020\/12\/igitere.jpg","thumbnail_width":720,"thumbnail_height":348,"description":"\u0130ngiltere\u2019de tespit edilen mutasyona u\u011fram\u0131\u015f Kovid-19&#8217;un yeni t\u00fcr\u00fc nedeniyle bu \u00fclkeden Yunanistan\u2019a gelecek vatanda\u015flara yedi (7) g\u00fcn zorunlu ev karantinas\u0131 uygulanacak. Konu hakk\u0131nda a\u00e7\u0131klama Yunanistan Sivil Koruma Bakan Yard\u0131mc\u0131s\u0131 Nikos Hardalias taraf\u0131ndan yap\u0131ld\u0131. A\u00e7\u0131klama do\u011frultusunda yar\u0131n 21 Aral\u0131k 2020 Pazartesi saat 06.00 itibaren \u0130ngiltere&#8217;den gelecek olanlar i\u00e7in yedi (7) g\u00fcnl\u00fck ev karantinas\u0131 uygulamas\u0131 y\u00fcr\u00fcrl\u00fc\u011fe girecek. &hellip;"}